{"id":1125,"date":"2021-12-04T09:50:49","date_gmt":"2021-12-04T08:50:49","guid":{"rendered":"https:\/\/www.eglise-senartdraveil.fr\/?post_type=mec-events&#038;p=1125"},"modified":"2023-11-19T16:00:39","modified_gmt":"2023-11-19T15:00:39","slug":"informations-sur-equipes-synodales","status":"publish","type":"mec-events","link":"https:\/\/www.eglise-senartdraveil.fr\/index.php\/events\/informations-sur-equipes-synodales\/","title":{"rendered":"Informations sur \u00e9quipes synodales"},"content":{"rendered":"<p><strong>*En ce 19 novembre 2023,\u00a0 La premi\u00e8re session de l\u2019Assembl\u00e9e synodale, ouverte le 4 octobre en la f\u00eate de saint Fran\u00e7ois d\u2019Assise, s\u2019est achev\u00e9e le samedi 28 octobre. Le <a href=\"https:\/\/evry.catholique.fr\/wp-content\/uploads\/2023\/11\/Rapport_synthese_-Synode_synodalite_Trad-FR.pdf\" target=\"_blank\" rel=\"noreferrer noopener\"><em>rapport de synth\u00e8se<\/em><\/a> a \u00e9t\u00e9 publi\u00e9 \u00e0 cette occasion ainsi qu\u2019une <em><a href=\"https:\/\/evry.catholique.fr\/synode-sur-la-synodalite-3\/\" target=\"_blank\" rel=\"noreferrer noopener\">lettre au peuple de Dieu<\/a><\/em>. En vue de la deuxi\u00e8me session en 2024, des r\u00e9flexions et des propositions sont offertes sur des sujets tels que le r\u00f4le des femmes et des la\u00efcs, le minist\u00e8re des \u00e9v\u00eaques, le sacerdoce et le diaconat, l\u2019importance des pauvres et des migrants, la mission num\u00e9rique, l\u2019\u0153cum\u00e9nisme ou les abus.<\/strong>, pour vous tenir au courant des derni\u00e8res nouvelles sur le synode et passer aux actes, allez voir sur ce lien:<\/p>\n<div class=\"fitvids-video\">\n<blockquote class=\"wp-embedded-content\" data-secret=\"Zziex2Vn1u\"><p><a href=\"https:\/\/evry.catholique.fr\/synode\/\">Une \u00c9glise en Synode<\/a><\/p><\/blockquote>\n<p><iframe loading=\"lazy\" class=\"wp-embedded-content\" sandbox=\"allow-scripts\" security=\"restricted\" style=\"position: absolute; clip: rect(1px, 1px, 1px, 1px);\" title=\"\u00ab\u00a0Une \u00c9glise en Synode\u00a0\u00bb &#8212; Dioc\u00e8se d&#039;\u00c9vry - Corbeil - Essonnes\" src=\"https:\/\/evry.catholique.fr\/synode\/embed\/#?secret=zqsXBrMYbt#?secret=Zziex2Vn1u\" data-secret=\"Zziex2Vn1u\" width=\"600\" height=\"338\" frameborder=\"0\" marginwidth=\"0\" marginheight=\"0\" scrolling=\"no\"><\/iframe><\/div>\n<div class=\"fitvids-video\">\n<blockquote class=\"wp-embedded-content\" data-secret=\"wA8ZnGz3NB\"><p><a href=\"https:\/\/evry.catholique.fr\/approfondir-la-reflexion-sur-les-actes-du-synode-evangeliser-en-prenant-soin\/\">Approfondir la r\u00e9flexion sur les actes du synode \u00ab\u00a0\u00c9vang\u00e9liser en prenant soin\u00a0\u00bb.<\/a><\/p><\/blockquote>\n<p><iframe loading=\"lazy\" class=\"wp-embedded-content\" sandbox=\"allow-scripts\" security=\"restricted\" style=\"position: absolute; clip: rect(1px, 1px, 1px, 1px);\" title=\"\u00ab\u00a0Approfondir la r\u00e9flexion sur les actes du synode \u00ab\u00a0\u00c9vang\u00e9liser en prenant soin\u00a0\u00bb.\u00a0\u00bb &#8212; Dioc\u00e8se d&#039;\u00c9vry - Corbeil - Essonnes\" src=\"https:\/\/evry.catholique.fr\/approfondir-la-reflexion-sur-les-actes-du-synode-evangeliser-en-prenant-soin\/embed\/#?secret=fYBqGzL8vd#?secret=wA8ZnGz3NB\" data-secret=\"wA8ZnGz3NB\" width=\"600\" height=\"338\" frameborder=\"0\" marginwidth=\"0\" marginheight=\"0\" scrolling=\"no\"><\/iframe><\/div>\n<div class=\"fitvids-video\">\n<blockquote class=\"wp-embedded-content\" data-secret=\"oI2GewGsXa\"><p><a href=\"https:\/\/evry.catholique.fr\/le-synode-se-met-en-acte\/\">Le synode se met en acte !<\/a><\/p><\/blockquote>\n<p><iframe loading=\"lazy\" class=\"wp-embedded-content\" sandbox=\"allow-scripts\" security=\"restricted\" style=\"position: absolute; clip: rect(1px, 1px, 1px, 1px);\" title=\"\u00ab\u00a0Le synode se met en acte !\u00a0\u00bb &#8212; Dioc\u00e8se d&#039;\u00c9vry - Corbeil - Essonnes\" src=\"https:\/\/evry.catholique.fr\/le-synode-se-met-en-acte\/embed\/#?secret=r3js9qRSTx#?secret=oI2GewGsXa\" data-secret=\"oI2GewGsXa\" width=\"600\" height=\"338\" frameborder=\"0\" marginwidth=\"0\" marginheight=\"0\" scrolling=\"no\"><\/iframe><\/div>\n<div class=\"fitvids-video\">\n<blockquote class=\"wp-embedded-content\" data-secret=\"ojd7TRGXcH\"><p><a href=\"https:\/\/evry.catholique.fr\/synode\/presentation-du-synode\/\">Un synode \u00e0 mettre en \u0153uvre<\/a><\/p><\/blockquote>\n<p><iframe loading=\"lazy\" class=\"wp-embedded-content\" sandbox=\"allow-scripts\" security=\"restricted\" style=\"position: absolute; clip: rect(1px, 1px, 1px, 1px);\" title=\"\u00ab\u00a0Un synode \u00e0 mettre en \u0153uvre\u00a0\u00bb &#8212; Dioc\u00e8se d&#039;\u00c9vry - Corbeil - Essonnes\" src=\"https:\/\/evry.catholique.fr\/synode\/presentation-du-synode\/embed\/#?secret=dIatO0FsFR#?secret=ojd7TRGXcH\" data-secret=\"ojd7TRGXcH\" width=\"600\" height=\"338\" frameborder=\"0\" marginwidth=\"0\" marginheight=\"0\" scrolling=\"no\"><\/iframe><\/div>\n<p>ou<\/p>\n<p><strong>https:\/\/evry.catholique.fr\/actes-du-synode<\/strong><\/p>\n<p>Vous \u00eates appel\u00e9s \u00e0 \u00eatre acteurs dans votre Eglise, Maintenant!<\/p>\n<p>&nbsp;<\/p>\n<p><a href=\"https:\/\/evry.catholique.fr\/synode\/assemblee-synodale\/\" data-rich-text-format-boundary=\"true\">Assembl\u00e9e synodale &#8211; Dioc\u00e8se d&#8217;\u00c9vry &#8211; Corbeil &#8211; Essonnes (catholique.fr)<\/a><\/p>\n<p>&nbsp;<\/p>\n<p>La promulgation, par notre \u00e9v\u00eaque Michel Pansard, des Actes de notre Synode a eu lieu\u00a0 le 8 octobre \u00e0 14h30 \u00e0 la Cath\u00e9drale d&#8217;Evry.<\/p>\n<p>Vous Pouvez aussi regardez la vid\u00e9o de Jean-Louis Souletie, th\u00e9ologien qui nous parle de notre synode du dioc\u00e8se d&#8217;Evry cliquez sur le lien suivant<\/p>\n<p><strong>https:\/\/evry.catholique.fr\/video\/la-synodalite-par-le-theologien-du-synode\/<\/strong><\/p>\n<p>Un grand merci pour votre participation \u00e0 la d\u00e9marche synodale lanc\u00e9e par notre \u00e9v\u00eaque, il y a deux ans.<\/p>\n<p>Franck, V\u00e9ronique<\/p>\n<p>Secr\u00e9tariat g\u00e9n\u00e9ral du Synode<\/p>\n<p>Dioc\u00e8se Evry-Corbeil-Essonnes<\/p>\n<p>21 cours Mgr Romero<\/p>\n<p>91006 Evry cedex<\/p>\n<p>01 60 91 17 01<\/p>\n<p><a href=\"mailto:Synode91@eveche-evry.com\">Synode91@eveche-evry.com<\/a><\/p>\n<p>&nbsp;<\/p>\n<p><strong>Synode dioc\u00e9sain 2020-2022<\/strong><\/p>\n<p>les d\u00e9l\u00e9gu\u00e9s du secteur et des suppl\u00e9ants participent aux sessions de l&#8217;assembl\u00e9e synodale <strong>\u00a0( par ordre alphab\u00e9tique): Marie-Annick Albert, Fabienne Augenstein, Marc Jardin, Paul Lambert, Fran\u00e7oise Przerwozny, Jo\u00eblle Rameau, Jean-Michel Ressaire, Nicole Seymour et Anne Yazbeck . Votre responsable de secteur Jordi Postius, et le pr\u00eatre d\u00e9l\u00e9gu\u00e9 pour les pr\u00eatres du secteur est Guy Okosso sont aussi d\u00e9l\u00e9gu\u00e9s.\u00a0<\/strong><\/p>\n<p>Synode sur la Synodalit\u00e9 : merci pour votre participation au Synode sur la Synodalit\u00e9 lanc\u00e9 par le Pape Fran\u00e7ois: le rapport de notre dioc\u00e8se a \u00e9t\u00e9 envoy\u00e9 le 15 mai \u00e0 la Conf\u00e9rence des ev\u00eaques de France et la synth\u00e8se nationale peuvent \u00eatre consult\u00e9s sur le site du dioc\u00e8se.<\/p>\n<p>*********************************************<\/p>\n<p>Il y a 2 ans\u00a0 que notre \u00e9v\u00eaque lan\u00e7ait ce synode, pour vous donner la parole et vous \u00e9couter!<\/p>\n<ul>\n<li><\/li>\n<li><strong>La Promulgation<\/strong> des actes du synode aura\u00a0 lieu <strong>le 8 octobre 2022 apr\u00e8s midi \u00e0 la cath\u00e9drale d&#8217;Evry.<\/strong><\/li>\n<li><a href=\"https:\/\/evry.catholique.fr\/wp-content\/uploads\/2021\/02\/Synode_courrier_eveque-003.pdf\">Lire la lettre de Mgr Pansard<\/a><\/li>\n<li><\/li>\n<\/ul>\n<p>&nbsp;<\/p>\n<p>&nbsp;<\/p>\n<p>*<\/p>\n<div class=\"fitvids-video\">\n<blockquote class=\"wp-embedded-content\" data-secret=\"8OIoJ3upO8\"><p><a href=\"https:\/\/evry.catholique.fr\/encouragement-et-benediction-du-pape-francois-pour-le-synode-diocesain\/\">Encouragement et b\u00e9n\u00e9diction du Pape Fran\u00e7ois pour le synode dioc\u00e9sain<\/a><\/p><\/blockquote>\n<p><iframe loading=\"lazy\" class=\"wp-embedded-content\" sandbox=\"allow-scripts\" security=\"restricted\" style=\"position: absolute; clip: rect(1px, 1px, 1px, 1px);\" title=\"\u00ab\u00a0Encouragement et b\u00e9n\u00e9diction du Pape Fran\u00e7ois pour le synode dioc\u00e9sain\u00a0\u00bb &#8212; Dioc\u00e8se d&#039;\u00c9vry - Corbeil - Essonnes\" src=\"https:\/\/evry.catholique.fr\/encouragement-et-benediction-du-pape-francois-pour-le-synode-diocesain\/embed\/#?secret=5i5R27CcAL#?secret=8OIoJ3upO8\" data-secret=\"8OIoJ3upO8\" width=\"600\" height=\"338\" frameborder=\"0\" marginwidth=\"0\" marginheight=\"0\" scrolling=\"no\"><\/iframe><\/div>\n<p>&nbsp;<\/p>\n","protected":false},"excerpt":{"rendered":"<p>*En ce 19 novembre 2023,\u00a0 La premi\u00e8re session de l\u2019Assembl\u00e9e synodale, ouverte le 4 octobre en la f\u00eate de saint<\/p>\n","protected":false},"author":9,"featured_media":881,"comment_status":"closed","ping_status":"closed","template":"","tags":[],"mec_category":[28],"class_list":["post-1125","mec-events","type-mec-events","status-publish","has-post-thumbnail","hentry","mec_category-actualites"],"yoast_head":"<!-- This site is optimized with the Yoast SEO plugin v25.8 - https:\/\/yoast.com\/wordpress\/plugins\/seo\/ -->\n<title>Informations sur \u00e9quipes synodales - Secteur pastoral de Draveil - St-Jean-Paul II<\/title>\n<meta name=\"robots\" content=\"index, follow, max-snippet:-1, max-image-preview:large, max-video-preview:-1\" \/>\n<link rel=\"canonical\" href=\"https:\/\/www.eglise-senartdraveil.fr\/index.php\/events\/informations-sur-equipes-synodales\/\" \/>\n<meta property=\"og:locale\" content=\"fr_FR\" \/>\n<meta property=\"og:type\" content=\"article\" \/>\n<meta property=\"og:title\" content=\"Informations sur \u00e9quipes synodales - Secteur pastoral de Draveil - St-Jean-Paul II\" \/>\n<meta property=\"og:description\" content=\"*En ce 19 novembre 2023,\u00a0 La premi\u00e8re session de l\u2019Assembl\u00e9e synodale, ouverte le 4 octobre en la f\u00eate de saint\" \/>\n<meta property=\"og:url\" content=\"https:\/\/www.eglise-senartdraveil.fr\/index.php\/events\/informations-sur-equipes-synodales\/\" \/>\n<meta property=\"og:site_name\" content=\"Secteur pastoral de Draveil - St-Jean-Paul II\" \/>\n<meta property=\"article:modified_time\" content=\"2023-11-19T15:00:39+00:00\" \/>\n<meta property=\"og:image\" content=\"https:\/\/www.eglise-senartdraveil.fr\/wp-content\/uploads\/2020\/10\/20-10-09_Affiche-Synode_web-1.jpg\" \/>\n\t<meta property=\"og:image:width\" content=\"486\" \/>\n\t<meta property=\"og:image:height\" content=\"680\" \/>\n\t<meta property=\"og:image:type\" content=\"image\/jpeg\" \/>\n<meta name=\"twitter:card\" content=\"summary_large_image\" \/>\n<meta name=\"twitter:label1\" content=\"Dur\u00e9e de lecture estim\u00e9e\" \/>\n\t<meta name=\"twitter:data1\" content=\"2 minutes\" \/>\n<script type=\"application\/ld+json\" class=\"yoast-schema-graph\">{\"@context\":\"https:\/\/schema.org\",\"@graph\":[{\"@type\":\"WebPage\",\"@id\":\"https:\/\/www.eglise-senartdraveil.fr\/index.php\/events\/informations-sur-equipes-synodales\/\",\"url\":\"https:\/\/www.eglise-senartdraveil.fr\/index.php\/events\/informations-sur-equipes-synodales\/\",\"name\":\"Informations sur \u00e9quipes synodales - Secteur pastoral de Draveil - St-Jean-Paul II\",\"isPartOf\":{\"@id\":\"https:\/\/www.eglise-senartdraveil.fr\/#website\"},\"primaryImageOfPage\":{\"@id\":\"https:\/\/www.eglise-senartdraveil.fr\/index.php\/events\/informations-sur-equipes-synodales\/#primaryimage\"},\"image\":{\"@id\":\"https:\/\/www.eglise-senartdraveil.fr\/index.php\/events\/informations-sur-equipes-synodales\/#primaryimage\"},\"thumbnailUrl\":\"https:\/\/www.eglise-senartdraveil.fr\/wp-content\/uploads\/2020\/10\/20-10-09_Affiche-Synode_web-1.jpg\",\"datePublished\":\"2021-12-04T08:50:49+00:00\",\"dateModified\":\"2023-11-19T15:00:39+00:00\",\"breadcrumb\":{\"@id\":\"https:\/\/www.eglise-senartdraveil.fr\/index.php\/events\/informations-sur-equipes-synodales\/#breadcrumb\"},\"inLanguage\":\"fr-FR\",\"potentialAction\":[{\"@type\":\"ReadAction\",\"target\":[\"https:\/\/www.eglise-senartdraveil.fr\/index.php\/events\/informations-sur-equipes-synodales\/\"]}]},{\"@type\":\"ImageObject\",\"inLanguage\":\"fr-FR\",\"@id\":\"https:\/\/www.eglise-senartdraveil.fr\/index.php\/events\/informations-sur-equipes-synodales\/#primaryimage\",\"url\":\"https:\/\/www.eglise-senartdraveil.fr\/wp-content\/uploads\/2020\/10\/20-10-09_Affiche-Synode_web-1.jpg\",\"contentUrl\":\"https:\/\/www.eglise-senartdraveil.fr\/wp-content\/uploads\/2020\/10\/20-10-09_Affiche-Synode_web-1.jpg\",\"width\":486,\"height\":680},{\"@type\":\"BreadcrumbList\",\"@id\":\"https:\/\/www.eglise-senartdraveil.fr\/index.php\/events\/informations-sur-equipes-synodales\/#breadcrumb\",\"itemListElement\":[{\"@type\":\"ListItem\",\"position\":1,\"name\":\"Home\",\"item\":\"https:\/\/www.eglise-senartdraveil.fr\/\"},{\"@type\":\"ListItem\",\"position\":2,\"name\":\"\u00c9venements\",\"item\":\"https:\/\/www.eglise-senartdraveil.fr\/index.php\/events\/\"},{\"@type\":\"ListItem\",\"position\":3,\"name\":\"Informations sur \u00e9quipes synodales\"}]},{\"@type\":\"WebSite\",\"@id\":\"https:\/\/www.eglise-senartdraveil.fr\/#website\",\"url\":\"https:\/\/www.eglise-senartdraveil.fr\/\",\"name\":\"Secteur pastoral de Draveil - St-Jean-Paul II\",\"description\":\"\",\"potentialAction\":[{\"@type\":\"SearchAction\",\"target\":{\"@type\":\"EntryPoint\",\"urlTemplate\":\"https:\/\/www.eglise-senartdraveil.fr\/?s={search_term_string}\"},\"query-input\":{\"@type\":\"PropertyValueSpecification\",\"valueRequired\":true,\"valueName\":\"search_term_string\"}}],\"inLanguage\":\"fr-FR\"}]}<\/script>\n<!-- \/ Yoast SEO plugin. -->","yoast_head_json":{"title":"Informations sur \u00e9quipes synodales - Secteur pastoral de Draveil - St-Jean-Paul II","robots":{"index":"index","follow":"follow","max-snippet":"max-snippet:-1","max-image-preview":"max-image-preview:large","max-video-preview":"max-video-preview:-1"},"canonical":"https:\/\/www.eglise-senartdraveil.fr\/index.php\/events\/informations-sur-equipes-synodales\/","og_locale":"fr_FR","og_type":"article","og_title":"Informations sur \u00e9quipes synodales - Secteur pastoral de Draveil - St-Jean-Paul II","og_description":"*En ce 19 novembre 2023,\u00a0 La premi\u00e8re session de l\u2019Assembl\u00e9e synodale, ouverte le 4 octobre en la f\u00eate de saint","og_url":"https:\/\/www.eglise-senartdraveil.fr\/index.php\/events\/informations-sur-equipes-synodales\/","og_site_name":"Secteur pastoral de Draveil - St-Jean-Paul II","article_modified_time":"2023-11-19T15:00:39+00:00","og_image":[{"width":486,"height":680,"url":"https:\/\/www.eglise-senartdraveil.fr\/wp-content\/uploads\/2020\/10\/20-10-09_Affiche-Synode_web-1.jpg","type":"image\/jpeg"}],"twitter_card":"summary_large_image","twitter_misc":{"Dur\u00e9e de lecture estim\u00e9e":"2 minutes"},"schema":{"@context":"https:\/\/schema.org","@graph":[{"@type":"WebPage","@id":"https:\/\/www.eglise-senartdraveil.fr\/index.php\/events\/informations-sur-equipes-synodales\/","url":"https:\/\/www.eglise-senartdraveil.fr\/index.php\/events\/informations-sur-equipes-synodales\/","name":"Informations sur \u00e9quipes synodales - Secteur pastoral de Draveil - St-Jean-Paul II","isPartOf":{"@id":"https:\/\/www.eglise-senartdraveil.fr\/#website"},"primaryImageOfPage":{"@id":"https:\/\/www.eglise-senartdraveil.fr\/index.php\/events\/informations-sur-equipes-synodales\/#primaryimage"},"image":{"@id":"https:\/\/www.eglise-senartdraveil.fr\/index.php\/events\/informations-sur-equipes-synodales\/#primaryimage"},"thumbnailUrl":"https:\/\/www.eglise-senartdraveil.fr\/wp-content\/uploads\/2020\/10\/20-10-09_Affiche-Synode_web-1.jpg","datePublished":"2021-12-04T08:50:49+00:00","dateModified":"2023-11-19T15:00:39+00:00","breadcrumb":{"@id":"https:\/\/www.eglise-senartdraveil.fr\/index.php\/events\/informations-sur-equipes-synodales\/#breadcrumb"},"inLanguage":"fr-FR","potentialAction":[{"@type":"ReadAction","target":["https:\/\/www.eglise-senartdraveil.fr\/index.php\/events\/informations-sur-equipes-synodales\/"]}]},{"@type":"ImageObject","inLanguage":"fr-FR","@id":"https:\/\/www.eglise-senartdraveil.fr\/index.php\/events\/informations-sur-equipes-synodales\/#primaryimage","url":"https:\/\/www.eglise-senartdraveil.fr\/wp-content\/uploads\/2020\/10\/20-10-09_Affiche-Synode_web-1.jpg","contentUrl":"https:\/\/www.eglise-senartdraveil.fr\/wp-content\/uploads\/2020\/10\/20-10-09_Affiche-Synode_web-1.jpg","width":486,"height":680},{"@type":"BreadcrumbList","@id":"https:\/\/www.eglise-senartdraveil.fr\/index.php\/events\/informations-sur-equipes-synodales\/#breadcrumb","itemListElement":[{"@type":"ListItem","position":1,"name":"Home","item":"https:\/\/www.eglise-senartdraveil.fr\/"},{"@type":"ListItem","position":2,"name":"\u00c9venements","item":"https:\/\/www.eglise-senartdraveil.fr\/index.php\/events\/"},{"@type":"ListItem","position":3,"name":"Informations sur \u00e9quipes synodales"}]},{"@type":"WebSite","@id":"https:\/\/www.eglise-senartdraveil.fr\/#website","url":"https:\/\/www.eglise-senartdraveil.fr\/","name":"Secteur pastoral de Draveil - St-Jean-Paul II","description":"","potentialAction":[{"@type":"SearchAction","target":{"@type":"EntryPoint","urlTemplate":"https:\/\/www.eglise-senartdraveil.fr\/?s={search_term_string}"},"query-input":{"@type":"PropertyValueSpecification","valueRequired":true,"valueName":"search_term_string"}}],"inLanguage":"fr-FR"}]}},"_links":{"self":[{"href":"https:\/\/www.eglise-senartdraveil.fr\/index.php\/wp-json\/wp\/v2\/mec-events\/1125","targetHints":{"allow":["GET"]}}],"collection":[{"href":"https:\/\/www.eglise-senartdraveil.fr\/index.php\/wp-json\/wp\/v2\/mec-events"}],"about":[{"href":"https:\/\/www.eglise-senartdraveil.fr\/index.php\/wp-json\/wp\/v2\/types\/mec-events"}],"author":[{"embeddable":true,"href":"https:\/\/www.eglise-senartdraveil.fr\/index.php\/wp-json\/wp\/v2\/users\/9"}],"replies":[{"embeddable":true,"href":"https:\/\/www.eglise-senartdraveil.fr\/index.php\/wp-json\/wp\/v2\/comments?post=1125"}],"wp:featuredmedia":[{"embeddable":true,"href":"https:\/\/www.eglise-senartdraveil.fr\/index.php\/wp-json\/wp\/v2\/media\/881"}],"wp:attachment":[{"href":"https:\/\/www.eglise-senartdraveil.fr\/index.php\/wp-json\/wp\/v2\/media?parent=1125"}],"wp:term":[{"taxonomy":"post_tag","embeddable":true,"href":"https:\/\/www.eglise-senartdraveil.fr\/index.php\/wp-json\/wp\/v2\/tags?post=1125"},{"taxonomy":"mec_category","embeddable":true,"href":"https:\/\/www.eglise-senartdraveil.fr\/index.php\/wp-json\/wp\/v2\/mec_category?post=1125"}],"curies":[{"name":"wp","href":"https:\/\/api.w.org\/{rel}","templated":true}]}}