{"id":1082,"date":"2020-11-05T13:14:00","date_gmt":"2020-11-05T12:14:00","guid":{"rendered":"https:\/\/www.eglise-senartdraveil.fr\/?post_type=mec-events&#038;p=1082"},"modified":"2020-11-05T13:14:10","modified_gmt":"2020-11-05T12:14:10","slug":"quete-imperee-secours-catholique","status":"publish","type":"mec-events","link":"https:\/\/www.eglise-senartdraveil.fr\/index.php\/events\/quete-imperee-secours-catholique\/","title":{"rendered":"Qu\u00eate imp\u00e9r\u00e9e Secours Catholique"},"content":{"rendered":"<h5 class=\"gmql0nx0 l94mrbxd p1ri9a11 lzcic4wl oud54xpy sqxagodl\" dir=\"auto\"><span class=\"d2edcug0 hpfvmrgz qv66sw1b c1et5uql gk29lw5a jq4qci2q a3bd9o3v hnhda86s m9osqain\"><b>JOURN\u00c9E MONDIALE DES PAUVRES ET<br \/>\nJOURN\u00c9E NATIONALE DU SECOURS CATHOLIQUE<\/b><\/span><\/h5>\n<div class=\"bi6gxh9e\"><span class=\"d2edcug0 hpfvmrgz qv66sw1b c1et5uql gk29lw5a jq4qci2q a3bd9o3v knj5qynh oo9gr5id\">Vous savez que tous les ans, le troisi\u00e8me dimanche de novembre, cette ann\u00e9e les samedi 14 et dimanche 15 novembre 2020, il nous est propos\u00e9 de vivre une journ\u00e9e nationale du Secours Catholique en m\u00eame temps que la journ\u00e9e mondiale des pauvres.<\/span><\/div>\n<div class=\"bi6gxh9e\"><span class=\"d2edcug0 hpfvmrgz qv66sw1b c1et5uql gk29lw5a jq4qci2q a3bd9o3v knj5qynh oo9gr5id\">En Essonne le Secours Catholique c&#8217;est presque 800 b\u00e9n\u00e9voles r\u00e9partis en 37 \u00e9quipes locales et une dizaine services th\u00e9matiques d\u00e9partementaux (alphab\u00e9tisation, aide aux familles avec enfants, logement, aide pour trouver du travail, alphab\u00e9tisation&#8230;etc).<\/span><\/div>\n<div class=\"bi6gxh9e\"><span class=\"d2edcug0 hpfvmrgz qv66sw1b c1et5uql gk29lw5a jq4qci2q a3bd9o3v knj5qynh oo9gr5id\">L&#8217;\u00e9t\u00e9 dernier, malgr\u00e9 le covid19, le Secours Catholique de l\u2019Essonne a offert des vacances \u00e0 plus de 150 enfants. Accueillis par des familles ou dans des camps de jeunes.<\/span><\/div>\n<div class=\"bi6gxh9e\"><span class=\"d2edcug0 hpfvmrgz qv66sw1b c1et5uql gk29lw5a jq4qci2q a3bd9o3v knj5qynh oo9gr5id\">Cette ann\u00e9e, \u00e0 cause du confinement, nous avons \u00e9t\u00e9 submerg\u00e9s d\u2019appels de d\u00e9tresse par une foule de personnes isol\u00e9es ou de familles incapables de s\u2019en sortir toutes seules. Les \u00e9quipes du Secours Catholique \u2013 Caritas France ont r\u00e9pondu au mieux de leurs possibilit\u00e9s alors qu\u2019elles \u00e9taient elles-m\u00eames fragilis\u00e9es par les mesures de protection ou par la maladie.<\/span><\/div>\n<div class=\"bi6gxh9e\"><span class=\"d2edcug0 hpfvmrgz qv66sw1b c1et5uql gk29lw5a jq4qci2q a3bd9o3v knj5qynh oo9gr5id\">Oui les aides d\u2019urgence se sont multipli\u00e9es, nous avons distribu\u00e9 beaucoup de ch\u00e8ques service pour subvenir aux besoins&#8230; mais aussi nous avons continu\u00e9 \u00e0 accueillir et \u00e0 soutenir tant et tant de nos concitoyens ou d\u2019immigr\u00e9s qui n\u2019avaient que les b\u00e9n\u00e9voles des \u00e9quipes locales comme \u00ab bou\u00e9e de sauvetage \u00bb pour leur permettre de ne pas trop se d\u00e9courager !<\/span><\/div>\n<div class=\"bi6gxh9e\"><span class=\"d2edcug0 hpfvmrgz qv66sw1b c1et5uql gk29lw5a jq4qci2q a3bd9o3v knj5qynh oo9gr5id\">Savez-vous que le Secours Catholique de l\u2019Essonne g\u00e8re cinq centres de domiciliation pour les personnes sans-abri, les gens du voyage ou les \u00e9trangers sans domicile fixe ?<\/span><\/div>\n<div class=\"bi6gxh9e\"><span class=\"d2edcug0 hpfvmrgz qv66sw1b c1et5uql gk29lw5a jq4qci2q a3bd9o3v knj5qynh oo9gr5id\">Savez-vous que le service prison du Secours Catholique de l\u2019Essonne est le plus important de France ? Entre autres, \u00e0 No\u00ebl il distribue pr\u00e8s de 900 colis aux d\u00e9tenus les plus d\u00e9munis.<\/span><\/div>\n<div class=\"bi6gxh9e\"><span class=\"d2edcug0 hpfvmrgz qv66sw1b c1et5uql gk29lw5a jq4qci2q a3bd9o3v knj5qynh oo9gr5id\">Voici quelques exemples du dynamisme du Secours Catholique de l\u2019Essonne qui, malgr\u00e9 la crise sanitaire, oeuvre, jour apr\u00e8s jour, aux c\u00f4t\u00e9s des plus d\u00e9munis.<\/span><\/div>\n<div class=\"bi6gxh9e\"><span class=\"d2edcug0 hpfvmrgz qv66sw1b c1et5uql gk29lw5a jq4qci2q a3bd9o3v knj5qynh oo9gr5id\">Alors, vous vous en doutez\u2026 le Secours Catholique a besoin de nos dons !<\/span><\/div>\n<div class=\"bi6gxh9e\"><span class=\"d2edcug0 hpfvmrgz qv66sw1b c1et5uql gk29lw5a jq4qci2q a3bd9o3v knj5qynh oo9gr5id\">Normalement nous aurions du faire une qu\u00eate imp\u00e9r\u00e9e le week-end des 14-15 novembre\u2026 mais puisqu&#8217;il n&#8217;y a pas de messes en paroisse vous pouvez envoyer votre don directement au Secours Catholique. Comme on vous demande vos coordonn\u00e9es, ce don reviendra \u00e0 l\u2019antenne locale\u2026 donc n\u2019h\u00e9sitez pas !!!\u00a0<a class=\"oajrlxb2 g5ia77u1 qu0x051f esr5mh6w e9989ue4 r7d6kgcz rq0escxv nhd2j8a9 nc684nl6 p7hjln8o kvgmc6g5 cxmmr5t8 oygrvhab hcukyx3x jb3vyjys rz4wbd8a qt6c0cv9 a8nywdso i1ao9s8h esuyzwwr f1sip0of lzcic4wl py34i1dx gpro0wi8\" tabindex=\"0\" role=\"link\" href=\"https:\/\/l.facebook.com\/l.php?u=https%3A%2F%2Fdon.secours-catholique.org%2F%3Ffbclid%3DIwAR0Ur4l1Gk-vDkg_M7JkkKCGhmZPPLTujrEiwy6GcYB7_w5Roy4L7TK_g_s&amp;h=AT2ZUnceJKb7yEMBrFix3qQS2ra-GLOJvrybAAJd6S6M0kblGPIwCj_vD8JhgbGJ55OKL_woWOQBm0fC61T_JycAKkJLUB0Ltm810tdsC9KhvJfLh5_YkwNt6PfdfXeOcfMbWUrwD1y9&amp;__tn__=-UK-R&amp;c[0]=AT3j-SvOl-e7rY3FDE232RZX8OkD8yY2n8dBAZ8-vq440r2BSrrqg5WON1fogMbKmOykTVPLv6bFVVg4fZjcRiFXFoNpOH4W5OydcdUkiZskaZwSVI92Qku5gg23bmLQmRZiYJsDnVdBWBGdgNw5Z9EoemkeeolcB4cttXQKcbjliEG7rHrxT1vpDTj5zypG1c_jmEIVg3k4uqW1\" target=\"_blank\" rel=\"nofollow noopener noreferrer\">https:\/\/don.secours-catholique.org<\/a><\/span><\/div>\n","protected":false},"excerpt":{"rendered":"<p>JOURN\u00c9E MONDIALE DES PAUVRES ET JOURN\u00c9E NATIONALE DU SECOURS CATHOLIQUE Vous savez que tous les ans, le troisi\u00e8me dimanche de<\/p>\n","protected":false},"author":3,"featured_media":1083,"comment_status":"closed","ping_status":"closed","template":"","tags":[],"mec_category":[28],"class_list":["post-1082","mec-events","type-mec-events","status-publish","has-post-thumbnail","hentry","mec_category-actualites"],"yoast_head":"<!-- This site is optimized with the Yoast SEO plugin v25.8 - https:\/\/yoast.com\/wordpress\/plugins\/seo\/ -->\n<title>Qu\u00eate imp\u00e9r\u00e9e Secours Catholique - Secteur pastoral de Draveil - St-Jean-Paul II<\/title>\n<meta name=\"robots\" content=\"index, follow, max-snippet:-1, max-image-preview:large, max-video-preview:-1\" \/>\n<link rel=\"canonical\" href=\"https:\/\/www.eglise-senartdraveil.fr\/index.php\/events\/quete-imperee-secours-catholique\/\" \/>\n<meta property=\"og:locale\" content=\"fr_FR\" \/>\n<meta property=\"og:type\" content=\"article\" \/>\n<meta property=\"og:title\" content=\"Qu\u00eate imp\u00e9r\u00e9e Secours Catholique - Secteur pastoral de Draveil - St-Jean-Paul II\" \/>\n<meta property=\"og:description\" content=\"JOURN\u00c9E MONDIALE DES PAUVRES ET JOURN\u00c9E NATIONALE DU SECOURS CATHOLIQUE Vous savez que tous les ans, le troisi\u00e8me dimanche de\" \/>\n<meta property=\"og:url\" content=\"https:\/\/www.eglise-senartdraveil.fr\/index.php\/events\/quete-imperee-secours-catholique\/\" \/>\n<meta property=\"og:site_name\" content=\"Secteur pastoral de Draveil - St-Jean-Paul II\" \/>\n<meta property=\"article:modified_time\" content=\"2020-11-05T12:14:10+00:00\" \/>\n<meta property=\"og:image\" content=\"https:\/\/www.eglise-senartdraveil.fr\/wp-content\/uploads\/2020\/11\/20-11-04-secours-cath.jpg\" \/>\n\t<meta property=\"og:image:width\" content=\"483\" \/>\n\t<meta property=\"og:image:height\" content=\"500\" \/>\n\t<meta property=\"og:image:type\" content=\"image\/jpeg\" \/>\n<meta name=\"twitter:card\" content=\"summary_large_image\" \/>\n<meta name=\"twitter:label1\" content=\"Dur\u00e9e de lecture estim\u00e9e\" \/>\n\t<meta name=\"twitter:data1\" content=\"2 minutes\" \/>\n<script type=\"application\/ld+json\" class=\"yoast-schema-graph\">{\"@context\":\"https:\/\/schema.org\",\"@graph\":[{\"@type\":\"WebPage\",\"@id\":\"https:\/\/www.eglise-senartdraveil.fr\/index.php\/events\/quete-imperee-secours-catholique\/\",\"url\":\"https:\/\/www.eglise-senartdraveil.fr\/index.php\/events\/quete-imperee-secours-catholique\/\",\"name\":\"Qu\u00eate imp\u00e9r\u00e9e Secours Catholique - Secteur pastoral de Draveil - St-Jean-Paul II\",\"isPartOf\":{\"@id\":\"https:\/\/www.eglise-senartdraveil.fr\/#website\"},\"primaryImageOfPage\":{\"@id\":\"https:\/\/www.eglise-senartdraveil.fr\/index.php\/events\/quete-imperee-secours-catholique\/#primaryimage\"},\"image\":{\"@id\":\"https:\/\/www.eglise-senartdraveil.fr\/index.php\/events\/quete-imperee-secours-catholique\/#primaryimage\"},\"thumbnailUrl\":\"https:\/\/www.eglise-senartdraveil.fr\/wp-content\/uploads\/2020\/11\/20-11-04-secours-cath.jpg\",\"datePublished\":\"2020-11-05T12:14:00+00:00\",\"dateModified\":\"2020-11-05T12:14:10+00:00\",\"breadcrumb\":{\"@id\":\"https:\/\/www.eglise-senartdraveil.fr\/index.php\/events\/quete-imperee-secours-catholique\/#breadcrumb\"},\"inLanguage\":\"fr-FR\",\"potentialAction\":[{\"@type\":\"ReadAction\",\"target\":[\"https:\/\/www.eglise-senartdraveil.fr\/index.php\/events\/quete-imperee-secours-catholique\/\"]}]},{\"@type\":\"ImageObject\",\"inLanguage\":\"fr-FR\",\"@id\":\"https:\/\/www.eglise-senartdraveil.fr\/index.php\/events\/quete-imperee-secours-catholique\/#primaryimage\",\"url\":\"https:\/\/www.eglise-senartdraveil.fr\/wp-content\/uploads\/2020\/11\/20-11-04-secours-cath.jpg\",\"contentUrl\":\"https:\/\/www.eglise-senartdraveil.fr\/wp-content\/uploads\/2020\/11\/20-11-04-secours-cath.jpg\",\"width\":483,\"height\":500},{\"@type\":\"BreadcrumbList\",\"@id\":\"https:\/\/www.eglise-senartdraveil.fr\/index.php\/events\/quete-imperee-secours-catholique\/#breadcrumb\",\"itemListElement\":[{\"@type\":\"ListItem\",\"position\":1,\"name\":\"Home\",\"item\":\"https:\/\/www.eglise-senartdraveil.fr\/\"},{\"@type\":\"ListItem\",\"position\":2,\"name\":\"\u00c9venements\",\"item\":\"https:\/\/www.eglise-senartdraveil.fr\/index.php\/events\/\"},{\"@type\":\"ListItem\",\"position\":3,\"name\":\"Qu\u00eate imp\u00e9r\u00e9e Secours Catholique\"}]},{\"@type\":\"WebSite\",\"@id\":\"https:\/\/www.eglise-senartdraveil.fr\/#website\",\"url\":\"https:\/\/www.eglise-senartdraveil.fr\/\",\"name\":\"Secteur pastoral de Draveil - St-Jean-Paul II\",\"description\":\"\",\"potentialAction\":[{\"@type\":\"SearchAction\",\"target\":{\"@type\":\"EntryPoint\",\"urlTemplate\":\"https:\/\/www.eglise-senartdraveil.fr\/?s={search_term_string}\"},\"query-input\":{\"@type\":\"PropertyValueSpecification\",\"valueRequired\":true,\"valueName\":\"search_term_string\"}}],\"inLanguage\":\"fr-FR\"}]}<\/script>\n<!-- \/ Yoast SEO plugin. -->","yoast_head_json":{"title":"Qu\u00eate imp\u00e9r\u00e9e Secours Catholique - Secteur pastoral de Draveil - St-Jean-Paul II","robots":{"index":"index","follow":"follow","max-snippet":"max-snippet:-1","max-image-preview":"max-image-preview:large","max-video-preview":"max-video-preview:-1"},"canonical":"https:\/\/www.eglise-senartdraveil.fr\/index.php\/events\/quete-imperee-secours-catholique\/","og_locale":"fr_FR","og_type":"article","og_title":"Qu\u00eate imp\u00e9r\u00e9e Secours Catholique - Secteur pastoral de Draveil - St-Jean-Paul II","og_description":"JOURN\u00c9E MONDIALE DES PAUVRES ET JOURN\u00c9E NATIONALE DU SECOURS CATHOLIQUE Vous savez que tous les ans, le troisi\u00e8me dimanche de","og_url":"https:\/\/www.eglise-senartdraveil.fr\/index.php\/events\/quete-imperee-secours-catholique\/","og_site_name":"Secteur pastoral de Draveil - St-Jean-Paul II","article_modified_time":"2020-11-05T12:14:10+00:00","og_image":[{"width":483,"height":500,"url":"https:\/\/www.eglise-senartdraveil.fr\/wp-content\/uploads\/2020\/11\/20-11-04-secours-cath.jpg","type":"image\/jpeg"}],"twitter_card":"summary_large_image","twitter_misc":{"Dur\u00e9e de lecture estim\u00e9e":"2 minutes"},"schema":{"@context":"https:\/\/schema.org","@graph":[{"@type":"WebPage","@id":"https:\/\/www.eglise-senartdraveil.fr\/index.php\/events\/quete-imperee-secours-catholique\/","url":"https:\/\/www.eglise-senartdraveil.fr\/index.php\/events\/quete-imperee-secours-catholique\/","name":"Qu\u00eate imp\u00e9r\u00e9e Secours Catholique - Secteur pastoral de Draveil - St-Jean-Paul II","isPartOf":{"@id":"https:\/\/www.eglise-senartdraveil.fr\/#website"},"primaryImageOfPage":{"@id":"https:\/\/www.eglise-senartdraveil.fr\/index.php\/events\/quete-imperee-secours-catholique\/#primaryimage"},"image":{"@id":"https:\/\/www.eglise-senartdraveil.fr\/index.php\/events\/quete-imperee-secours-catholique\/#primaryimage"},"thumbnailUrl":"https:\/\/www.eglise-senartdraveil.fr\/wp-content\/uploads\/2020\/11\/20-11-04-secours-cath.jpg","datePublished":"2020-11-05T12:14:00+00:00","dateModified":"2020-11-05T12:14:10+00:00","breadcrumb":{"@id":"https:\/\/www.eglise-senartdraveil.fr\/index.php\/events\/quete-imperee-secours-catholique\/#breadcrumb"},"inLanguage":"fr-FR","potentialAction":[{"@type":"ReadAction","target":["https:\/\/www.eglise-senartdraveil.fr\/index.php\/events\/quete-imperee-secours-catholique\/"]}]},{"@type":"ImageObject","inLanguage":"fr-FR","@id":"https:\/\/www.eglise-senartdraveil.fr\/index.php\/events\/quete-imperee-secours-catholique\/#primaryimage","url":"https:\/\/www.eglise-senartdraveil.fr\/wp-content\/uploads\/2020\/11\/20-11-04-secours-cath.jpg","contentUrl":"https:\/\/www.eglise-senartdraveil.fr\/wp-content\/uploads\/2020\/11\/20-11-04-secours-cath.jpg","width":483,"height":500},{"@type":"BreadcrumbList","@id":"https:\/\/www.eglise-senartdraveil.fr\/index.php\/events\/quete-imperee-secours-catholique\/#breadcrumb","itemListElement":[{"@type":"ListItem","position":1,"name":"Home","item":"https:\/\/www.eglise-senartdraveil.fr\/"},{"@type":"ListItem","position":2,"name":"\u00c9venements","item":"https:\/\/www.eglise-senartdraveil.fr\/index.php\/events\/"},{"@type":"ListItem","position":3,"name":"Qu\u00eate imp\u00e9r\u00e9e Secours Catholique"}]},{"@type":"WebSite","@id":"https:\/\/www.eglise-senartdraveil.fr\/#website","url":"https:\/\/www.eglise-senartdraveil.fr\/","name":"Secteur pastoral de Draveil - St-Jean-Paul II","description":"","potentialAction":[{"@type":"SearchAction","target":{"@type":"EntryPoint","urlTemplate":"https:\/\/www.eglise-senartdraveil.fr\/?s={search_term_string}"},"query-input":{"@type":"PropertyValueSpecification","valueRequired":true,"valueName":"search_term_string"}}],"inLanguage":"fr-FR"}]}},"_links":{"self":[{"href":"https:\/\/www.eglise-senartdraveil.fr\/index.php\/wp-json\/wp\/v2\/mec-events\/1082","targetHints":{"allow":["GET"]}}],"collection":[{"href":"https:\/\/www.eglise-senartdraveil.fr\/index.php\/wp-json\/wp\/v2\/mec-events"}],"about":[{"href":"https:\/\/www.eglise-senartdraveil.fr\/index.php\/wp-json\/wp\/v2\/types\/mec-events"}],"author":[{"embeddable":true,"href":"https:\/\/www.eglise-senartdraveil.fr\/index.php\/wp-json\/wp\/v2\/users\/3"}],"replies":[{"embeddable":true,"href":"https:\/\/www.eglise-senartdraveil.fr\/index.php\/wp-json\/wp\/v2\/comments?post=1082"}],"wp:featuredmedia":[{"embeddable":true,"href":"https:\/\/www.eglise-senartdraveil.fr\/index.php\/wp-json\/wp\/v2\/media\/1083"}],"wp:attachment":[{"href":"https:\/\/www.eglise-senartdraveil.fr\/index.php\/wp-json\/wp\/v2\/media?parent=1082"}],"wp:term":[{"taxonomy":"post_tag","embeddable":true,"href":"https:\/\/www.eglise-senartdraveil.fr\/index.php\/wp-json\/wp\/v2\/tags?post=1082"},{"taxonomy":"mec_category","embeddable":true,"href":"https:\/\/www.eglise-senartdraveil.fr\/index.php\/wp-json\/wp\/v2\/mec_category?post=1082"}],"curies":[{"name":"wp","href":"https:\/\/api.w.org\/{rel}","templated":true}]}}